{"id":19,"date":"2014-08-08T20:52:07","date_gmt":"2014-08-08T17:52:07","guid":{"rendered":"http:\/\/yedek.ahmetkaracalar.com\/?page_id=19"},"modified":"2026-04-08T19:18:40","modified_gmt":"2026-04-08T16:18:40","slug":"biografie","status":"publish","type":"page","link":"https:\/\/ahmetkaracalar.com\/de\/biyografi\/","title":{"rendered":"Prof. Dr. Ahmet Karacalar \u2013 Biografie"},"content":{"rendered":"<div data-elementor-type=\"wp-page\" data-elementor-id=\"19\" class=\"elementor elementor-19\" data-elementor-post-type=\"page\">\n\t\t\t\t<div class=\"elementor-element elementor-element-0f985c1 e-flex e-con-boxed e-con e-parent\" data-id=\"0f985c1\" data-element_type=\"container\" data-e-type=\"container\">\n\t\t\t\t\t<div class=\"e-con-inner\">\n\t\t<div class=\"elementor-element elementor-element-c860669 e-con-full e-flex e-con e-child\" data-id=\"c860669\" data-element_type=\"container\" data-e-type=\"container\">\n\t\t\t\t<div class=\"elementor-element elementor-element-5e0f5b3 elementor-widget elementor-widget-text-editor\" data-id=\"5e0f5b3\" data-element_type=\"widget\" data-e-type=\"widget\" data-widget_type=\"text-editor.default\">\n\t\t\t\t\t\t\t\t\t<header><\/header><header><div id=\"ez-toc-container\" class=\"ez-toc-v2_0_82_2 counter-hierarchy ez-toc-counter ez-toc-grey ez-toc-container-direction\">\n<div class=\"ez-toc-title-container\">\n<p class=\"ez-toc-title\" style=\"cursor:inherit\">Inhalt<\/p>\n<span class=\"ez-toc-title-toggle\"><a href=\"#\" class=\"ez-toc-pull-right ez-toc-btn ez-toc-btn-xs ez-toc-btn-default ez-toc-toggle\" aria-label=\"Toggle Table of Content\"><span class=\"ez-toc-js-icon-con\"><span class=\"\"><span class=\"eztoc-hide\" style=\"display:none;\">Umschalten<\/span><span class=\"ez-toc-icon-toggle-span\"><svg style=\"fill: #999;color:#999\" xmlns=\"http:\/\/www.w3.org\/2000\/svg\" class=\"list-377408\" width=\"20px\" height=\"20px\" viewbox=\"0 0 24 24\" fill=\"none\"><path d=\"M6 6H4v2h2V6zm14 0H8v2h12V6zM4 11h2v2H4v-2zm16 0H8v2h12v-2zM4 16h2v2H4v-2zm16 0H8v2h12v-2z\" fill=\"currentColor\"><\/path><\/svg><svg style=\"fill: #999;color:#999\" class=\"arrow-unsorted-368013\" xmlns=\"http:\/\/www.w3.org\/2000\/svg\" width=\"10px\" height=\"10px\" viewbox=\"0 0 24 24\" version=\"1.2\" baseprofile=\"tiny\"><path d=\"M18.2 9.3l-6.2-6.3-6.2 6.3c-.2.2-.3.4-.3.7s.1.5.3.7c.2.2.4.3.7.3h11c.3 0 .5-.1.7-.3.2-.2.3-.5.3-.7s-.1-.5-.3-.7zM5.8 14.7l6.2 6.3 6.2-6.3c.2-.2.3-.5.3-.7s-.1-.5-.3-.7c-.2-.2-.4-.3-.7-.3h-11c-.3 0-.5.1-.7.3-.2.2-.3.5-.3.7s.1.5.3.7z\"\/><\/svg><\/span><\/span><\/span><\/a><\/span><\/div>\n<nav><ul class='ez-toc-list ez-toc-list-level-1' ><li class='ez-toc-page-1 ez-toc-heading-level-2'><a class=\"ez-toc-link ez-toc-heading-1\" href=\"https:\/\/ahmetkaracalar.com\/de\/biyografi\/#Prof_Dr_Ahmet_Karacalar\" >Prof. Dr. Ahmet Karacalar\u00a0<\/a><\/li><li class='ez-toc-page-1 ez-toc-heading-level-2'><a class=\"ez-toc-link ez-toc-heading-2\" href=\"https:\/\/ahmetkaracalar.com\/de\/biyografi\/#Tip_Fakueltesi_ve_Plastik-_Estetik_Cerrahi_Eegitimi\" >Medizinstudium und Ausbildung in Plastischer-\u00c4sthetischer Chirurgie:<\/a><\/li><li class='ez-toc-page-1 ez-toc-heading-level-2'><a class=\"ez-toc-link ez-toc-heading-3\" href=\"https:\/\/ahmetkaracalar.com\/de\/biyografi\/#Bazi_oezellikli_egitimler_ve_kurslar_oezet\" >Einige spezielle Ausbildungen und Kurse: (Zusammenfassung)<\/a><ul class='ez-toc-list-level-3' ><li class='ez-toc-heading-level-3'><a class=\"ez-toc-link ez-toc-heading-4\" href=\"https:\/\/ahmetkaracalar.com\/de\/biyografi\/#Kisa_Ziyaretler\" >Kurze Besuche:<\/a><\/li><\/ul><\/li><li class='ez-toc-page-1 ez-toc-heading-level-2'><a class=\"ez-toc-link ez-toc-heading-5\" href=\"https:\/\/ahmetkaracalar.com\/de\/biyografi\/#%E2%80%9CEstetik_cerrahiye_bilimsel_ve_sanatsal_yaklasim%E2%80%9D_kapsaminda_ki_cabalari\" >\u201cSeine Bem\u00fchungen im Rahmen des \u201dwissenschaftlichen und k\u00fcnstlerischen Ansatzes zur \u00e4sthetischen Chirurgie\u201c<\/a><\/li><li class='ez-toc-page-1 ez-toc-heading-level-2'><a class=\"ez-toc-link ez-toc-heading-6\" href=\"https:\/\/ahmetkaracalar.com\/de\/biyografi\/#Uluslararasi_birinci_otoer_olarak_yayinlanmis_eserleri\" >Seine Werke, ver\u00f6ffentlicht als internationale Erstautoren:<\/a><\/li><li class='ez-toc-page-1 ez-toc-heading-level-2'><a class=\"ez-toc-link ez-toc-heading-7\" href=\"https:\/\/ahmetkaracalar.com\/de\/biyografi\/#Dr_Karacalarin_Kitaplari\" >B\u00fccher von Dr. Karacalar<\/a><\/li><\/ul><\/nav><\/div>\n<h2 class=\"single-title\"><span class=\"ez-toc-section\" id=\"Prof_Dr_Ahmet_Karacalar\"><\/span>Prof. Dr. Ahmet Karacalar\u00a0<span class=\"ez-toc-section-end\"><\/span><\/h2><p>\u00a0<\/p><\/header><div class=\"futurio-content main-content-page\"><div class=\"single-entry-summary\"><div class=\"elementor elementor-19 elementor-edit-area elementor-edit-mode elementor-edit-area-active\" data-elementor-type=\"wp-page\" data-elementor-id=\"19\" data-elementor-title=\"Sayfa\" data-elementor-post-type=\"page\"><div class=\"elementor-section-wrap ui-sortable\"><h2 class=\"elementor-element elementor-element-edit-mode elementor-element-0f985c1 e-con e-parent e-flex e-con-boxed e-con--row ui-resizable\" data-id=\"0f985c1\" data-element_type=\"container\" data-model-cid=\"c35\" data-nesting-level=\"0\"><span class=\"ez-toc-section\" id=\"Tip_Fakueltesi_ve_Plastik-_Estetik_Cerrahi_Eegitimi\"><\/span><strong style=\"color: #000000; font-family: inherit; font-size: 30px; letter-spacing: -0.02em;\"><span style=\"text-decoration: underline;\">Medizinstudium und Plastische-\u00c4sthetische <br \/>Chirurgie Ausbildung:<\/span><\/strong><span class=\"ez-toc-section-end\"><\/span><\/h2><\/div><\/div><\/div><\/div><ul><li>Ege Universit\u00e4t<\/li><li>Uluda\u011f Universit\u00e4t<\/li><li>Erasmus University (Stipendium) \u2013 Niederlande NL<\/li><li>St.John\u2019s Hospital \u2013 UK<\/li><\/ul><h2><span class=\"ez-toc-section\" id=\"Bazi_oezellikli_egitimler_ve_kurslar_oezet\"><\/span><span style=\"text-decoration: underline;\"><strong>Einige spezielle Ausbildungen und Kurse: (Zusammenfassung)<\/strong><\/span><span class=\"ez-toc-section-end\"><\/span><\/h2><ul><li>Endoskopisches Stirn- und Facelift, Silhouette Lift \u2013 Los Angeles, New York<\/li><li>\u00c4sthetik des Gesichtssch\u00e4dels \u2013 Kopenhagen<\/li><li>Brust\u00e4sthetik und Gesichtsverj\u00fcngung \u2013 San Diego<\/li><li>Gesichtsverj\u00fcngung \u2013 Wien<\/li><li>Laser-Ausbildung \u2013 Ljubljana, N\u00fcrnberg, Florenz<\/li><li>Mikrodialyse \u2013 Stockholm,<\/li><li>Flap-Dissektionskurs \u2013 L\u00fcttich<\/li><li>Anti-Aging \u2013 Dubai<\/li><li>Stammzellen \u2013 Florenz, Barcelona<\/li><li>Vaser 4D Body Sculpting \u2013 Kolumbien<\/li><\/ul><h3 style=\"text-align: left;\"><span class=\"ez-toc-section\" id=\"Kisa_Ziyaretler\"><\/span><span style=\"text-decoration: underline;\"><strong> Kurze Besuche:<\/strong><\/span><span class=\"ez-toc-section-end\"><\/span><\/h3><ul><li>Los Angeles (Dr. Isse Clinic) \u2013 USA<\/li><li>Universit\u00e4t Wien \u2013 \u00d6sterreich<\/li><\/ul><h2><span class=\"ez-toc-section\" id=\"%E2%80%9CEstetik_cerrahiye_bilimsel_ve_sanatsal_yaklasim%E2%80%9D_kapsaminda_ki_cabalari\"><\/span><span style=\"text-decoration: underline;\"><strong>\u201cSeine Bem\u00fchungen im Rahmen des \u201dwissenschaftlichen und k\u00fcnstlerischen Ansatzes zur \u00e4sthetischen Chirurgie\u201c<\/strong><\/span><span class=\"ez-toc-section-end\"><\/span><\/h2><ul><li><p>2000 Habilitation in Plastischer, Rekonstruktiver und \u00c4sthetischer Chirurgie, 2006 Professorentitel<\/p><\/li><li>Bildhauerarbeiten in Paris, Ramsgate und Florenz, zwei Einzelausstellungen<\/li><li>Fast einj\u00e4hriges Psychiatrie-Training<\/li><li>B\u00fccher und Forschungen \u00fcber Amazonen (1. Amazonismus, Brust und \u00c4sthetik 2. Die Amazonen und der Schrei der Anarchie) <a href=\"https:\/\/tr.wikipedia.org\/wiki\/Amazonlar\" target=\"_blank\" rel=\"noopener\">https:\/\/tr.wikipedia.org\/wiki\/Amazonlar<\/a> .<\/li><li>Andere B\u00fccher (\u00c4sthetische Chirurgie und das M\u00e4rchen von Aschenputtel, Ikonoplastik \u2013 Botschaften an die \u00e4sthetische Chirurgie durch Skulptur), \u201dLip\u00f6dem und seine Behandlung\u201d<\/li><li><a href=\"https:\/\/a.co\/d\/2rD29OA\">https:\/\/a.co\/d\/2rD29OA<\/a><\/li><li><a href=\"https:\/\/a.co\/d\/hXPdHJZ\">https:\/\/a.co\/d\/hXPdHJZ<\/a><\/li><li><a href=\"https:\/\/a.co\/d\/6lLwcS9\">https:\/\/a.co\/d\/6lLwcS9<\/a><\/li><li>Sein neuestes Buch <span style=\"text-decoration: underline;\"><strong><a href=\"https:\/\/ahmetkaracalar.com\/de\/lipodem\/\">Lip\u00f6dem<\/a>: Eine evolution\u00e4re Fehlanpassung (in drei Sprachen)<\/strong><\/span><\/li><li><a href=\"https:\/\/a.co\/d\/6N4uhGt\">https:\/\/a.co\/d\/6N4uhGt<\/a><\/li><li>Die internationalen Studien, bei denen er Erstautor ist, sind unten aufgef\u00fchrt.<\/li><li>F\u00fcr internationale Zitationen (<a href=\"https:\/\/scholar.google.com\" target=\"_blank\" rel=\"noopener\">https:\/\/scholar.google.com<\/a>)<\/li><li>Drei TPCD-Auszeichnungen f\u00fcr klinische Forschung, eine U\u00dc-Auszeichnung f\u00fcr beste wissenschaftliche Leistung<\/li><li><a href=\"https:\/\/ahmetkaracalar.com\/de\/lipodem\/\">Lip\u00f6dem<\/a> , Nasenkorrektur, Fettinjektion, Liposuktion, Ohrenkorrektur, Bauchstraffung, Bein\u00e4sthetik, Brustvergr\u00f6\u00dferung, Botox, endoskopisches Lifting und Augenbrauenkorrektur hat er international ver\u00f6ffentlichte oder pr\u00e4sentierte pers\u00f6nliche Techniken.<\/li><li>Kurse an der Yeditepe Universit\u00e4t, Fachbereich Bildende K\u00fcnste: \u201cOrganische Kunst und \u00c4sthetische Chirurgie\u201d und \u201cAnthropologische \u00c4sthetische Chirurgie\u201d, Kurzfilmversuch \u2013 Frau, Katze und Bastet<\/li><\/ul><h2 style=\"text-align: left;\"><span class=\"ez-toc-section\" id=\"Uluslararasi_birinci_otoer_olarak_yayinlanmis_eserleri\"><\/span><strong>Seine Werke, ver\u00f6ffentlicht als internationale Erstautoren:<\/strong><span class=\"ez-toc-section-end\"><\/span><\/h2><ul><li><span style=\"color: #000000;\"><a href=\"http:\/\/www.ncbi.nlm.nih.gov\/entrez\/query.fcgi?cmd=Retrieve&amp;db=pubmed&amp;dopt=Abstract&amp;list_uids=15655473&amp;query_hl=1\" target=\"_blank\" rel=\"noopener\"><span style=\"color: #000000;\"><span style=\"text-decoration: underline;\"><strong>Karacalar A<span style=\"font-weight: 400;\">,<\/span><\/strong>\u00a0<\/span>v<\/span><\/a>et al.<span style=\"text-decoration: underline;\">\u00a0<\/span>Spontane Rekanalisation des durchtrennten Milchgangs bei der Ratte. Ann Plast Surg. 2005 :54,196-200.<\/span><\/li><li><span style=\"color: #000000;\"><a href=\"https:\/\/www.ncbi.nlm.nih.gov\/entrez\/query.fcgi?cmd=Retrieve&amp;db=pubmed&amp;dopt=Abstract&amp;list_uids=15383884&amp;query_hl=1\" target=\"_blank\" rel=\"noopener\"><span style=\"color: #000000;\"><span style=\"text-decoration: underline;\"><strong>Karacalar A<span style=\"font-weight: 400;\">,<\/span><\/strong>\u00a0<\/span>\u00a0 <\/span><\/a>und andere.<span style=\"text-decoration: underline;\">\u00a0<\/span>No-touch-Technik zur Entnahme von autologem Fett. Aesthetic Plast Surg. 2004:28,158-64.<\/span><\/li><li><span style=\"color: #000000;\"><strong><span style=\"text-decoration: underline;\"><a href=\"https:\/\/www.ncbi.nlm.nih.gov\/entrez\/query.fcgi?cmd=Retrieve&amp;db=pubmed&amp;dopt=Abstract&amp;list_uids=15599539&amp;query_hl=1\" target=\"_blank\" rel=\"noopener\"><span style=\"color: #000000; text-decoration: underline;\">Karacalar A<\/span><\/a><\/span><span style=\"font-weight: 400;\"><span style=\"text-decoration: underline;\"><a href=\"http:\/\/www.ncbi.nlm.nih.gov\/entrez\/query.fcgi?cmd=Retrieve&amp;db=pubmed&amp;dopt=Abstract&amp;list_uids=15599539&amp;query_hl=1\" target=\"_blank\" rel=\"noopener\"><span style=\"color: #000000; text-decoration: underline;\">,.<\/span><\/a><\/span>\u00a0und andere.<\/span><\/strong>\u00a0Subzisionschirurgie zur Korrektur von Ohrmissbildungen. Aesthetic Plast Surg. 2004 :28,239-44.<\/span><\/li><li><span style=\"color: #000000;\"><strong><span style=\"text-decoration: underline;\"><a href=\"https:\/\/www.ncbi.nlm.nih.gov\/entrez\/query.fcgi?cmd=Retrieve&amp;db=pubmed&amp;dopt=Abstract&amp;list_uids=15821968&amp;query_hl=1\" target=\"_blank\" rel=\"noopener\"><span style=\"color: #000000; text-decoration: underline;\">Karacalar A<\/span><\/a><\/span><span style=\"font-weight: 400;\"><span style=\"text-decoration: underline;\"><a href=\"http:\/\/www.ncbi.nlm.nih.gov\/entrez\/query.fcgi?cmd=Retrieve&amp;db=pubmed&amp;dopt=Abstract&amp;list_uids=15821968&amp;query_hl=1\" target=\"_blank\" rel=\"noopener\"><span style=\"color: #000000; text-decoration: underline;\">, <\/span><\/a><\/span>und andere.<\/span><\/strong>\u00a0Kompensatorische Augenbrauenasymmetrie, anatomische Studie und klinische Erfahrung. Aesthetic Plast Surg. 2005 :29,119-23.<\/span><\/li><li><span style=\"color: #000000;\"><strong><span style=\"text-decoration: underline;\"><a href=\"https:\/\/www.ncbi.nlm.nih.gov\/entrez\/query.fcgi?cmd=Retrieve&amp;db=pubmed&amp;dopt=Abstract&amp;list_uids=15880296&amp;query_hl=1\" target=\"_blank\" rel=\"noopener\"><span style=\"color: #000000; text-decoration: underline;\">Karacalar A <\/span><\/a><\/span>und andere.<\/strong>Eine Technik zur Verl\u00e4ngerung des Stiels f\u00fcr freie Latissimus-dorsi-Muskellappen, das \u201cY-V-I\u201d-Prinzip. J Reconstr Microsurg. 2005:21,173-8.<\/span><\/li><\/ul><ul><li><span style=\"color: #000000;\"><strong><a href=\"https:\/\/www.ncbi.nlm.nih.gov\/entrez\/query.fcgi?cmd=Retrieve&amp;db=pubmed&amp;dopt=Abstract&amp;list_uids=16044238&amp;query_hl=1\" target=\"_blank\" rel=\"noopener\"><span style=\"color: #000000; text-decoration: underline;\">Karacalar\u00a0<span style=\"font-weight: 400;\">A,<\/span><\/span><\/a>\u00a0und andere.\u00a0<\/strong> Botulinumtoxin zur Behandlung von Kiefergelenkdiskus-Fehlbildungen, klinische Erfahrung. J Craniofac Surg. 2005:16,476-81.<\/span><\/li><li><span style=\"color: #000000;\"><span style=\"text-decoration: underline;\"><span style=\"text-decoration: underline;\"><strong><a href=\"https:\/\/www.ncbi.nlm.nih.gov\/entrez\/query.fcgi?cmd=Retrieve&amp;db=pubmed&amp;dopt=Abstract&amp;list_uids=16044238&amp;query_hl=1\" target=\"_blank\" rel=\"noopener\"><span style=\"color: #000000; text-decoration: underline;\">Karacalar\u00a0<span style=\"font-weight: 400;\">A,<\/span><\/span><\/a>\u00a0und andere.\u00a0<\/strong><\/span><\/span>A<\/span><span style=\"color: #333333;\"> Perichondrium-Lappen f\u00fcr funktionelle Zwecke bei der Nasenkorrektur. Aesthetic Plast Surg. 2005:29,256-60<\/span><\/li><li><span style=\"color: #333333;\"><span style=\"text-decoration: underline;\"><strong>Karacalar A.<\/strong>\u00a0<\/span>Die Amazonen und eine Analyse der Brustverst\u00fcmmelung aus der Perspektive eines plastischen Chirurgen. Plast Reconstr Surg.<\/span><\/li><li><span style=\"color: #333333;\"><span style=\"text-decoration: underline;\"><strong>Karacalar A<\/strong>,<\/span> \u00d6zcan M. Freier arterieller Venen-Lappen zur Rekonstruktion von Handdefekten: neue Modifikationen. J Reconst Microsurg. 1994:10, 243-248.<\/span><\/li><li><span style=\"color: #333333;\"><span style=\"text-decoration: underline;\"><strong>Karacalar A<\/strong>,<\/span> Ak\u0131n S, \u00d6zcan M. Der zweite dorsale Mittelhandarterien-Lappen mit doppelten Drehachsen. Br J Plast Surg. 1996:49,97-102.<\/span><\/li><li><span style=\"color: #333333;\"><span style=\"text-decoration: underline;\"><strong>Karacalar A<\/strong><\/span>, \u00d6zcan M. Ein neuer Ansatz f\u00fcr reverse dorsale Mittelhand-Lappen. J Hand Surg. 1997:22A,307-310.<\/span><\/li><li><span style=\"color: #333333;\"><span style=\"text-decoration: underline;\"><strong>Karacalar A<\/strong>,<\/span> \u00d6zcan M. U-I-Lappen. Plast Reconstr Surg. 1998: 102, 741-747.<\/span><\/li><li><span style=\"color: #333333;\"><strong><a href=\"https:\/\/www.ncbi.nlm.nih.gov\/entrez\/query.fcgi?cmd=Retrieve&amp;db=pubmed&amp;dopt=Abstract&amp;list_uids=16044238&amp;query_hl=1\" target=\"_blank\" rel=\"noopener\"><span style=\"color: #000000; text-decoration: underline;\">Karacalar\u00a0<span style=\"font-weight: 400;\">A,<\/span><\/span><\/a>\u00a0und andere.\u00a0<\/strong> Kombinierte Anwendung von Achselblockade und Blockade des Nervus cutaneus femoris lateralis bei Verletzungen der oberen Extremit\u00e4t, die gro\u00dfe Hauttransplantationen erfordern. J Hand Surg. 1998:23A, 1100-1105.<\/span><\/li><li><span style=\"color: #333333;\"><span style=\"text-decoration: underline;\"><strong>Karacalar A<\/strong>,<\/span> \u00d6zcan M. Liposuktion im Bereich der Kniescheibe unter Tourniquet: Ein Superdry-Verfahren. Aesth Plast Surg. 1998: 22,408-411.<\/span><\/li><li><span style=\"color: #333333;\"><span style=\"text-decoration: underline;\"><strong>Karacalar A<\/strong>,<\/span> \u00d6zcan M. Vorl\u00e4ufiger Bericht: der distal gestielte dorsoulnare Unterarm-Lappen f\u00fcr die Handrekonstruktion. Br J Plast Surg. 1999:52,453-457.<\/span><\/li><li><span style=\"color: #333333;\"><span style=\"text-decoration: underline;\"><strong>Karacalar A<\/strong>,<\/span> G\u00fcner H. Der axiale bilob\u00e4re Lappen f\u00fcr Verbrennungskontrakturen der Achselh\u00f6hle. Burns. 2000: 26,628-633.<\/span><\/li><li><span style=\"color: #333333;\"><span style=\"text-decoration: underline;\"><strong>Karacalar A<\/strong>,<\/span> \u00d6zt\u00fcrk H, \u00d6zcan M. Einfluss der chirurgischen Denervierung auf die Lebensf\u00e4higkeit von neurovaskul\u00e4ren inferioren epigastrischen Lappen bei Ratten. Ann Plast Surg. 2000:45,298-304.<\/span><\/li><li><span style=\"color: #333333;\"><strong><a href=\"https:\/\/www.ncbi.nlm.nih.gov\/entrez\/query.fcgi?cmd=Retrieve&amp;db=pubmed&amp;dopt=Abstract&amp;list_uids=16044238&amp;query_hl=1\" target=\"_blank\" rel=\"noopener\"><span style=\"color: #000000; text-decoration: underline;\">Karacalar\u00a0<span style=\"font-weight: 400;\">A,<\/span><\/span><\/a>\u00a0und andere.\u00a0<\/strong>Verz\u00f6gerung bei neurovaskul\u00e4ren Lappen, experimentelle und klinische Erfahrung. Ann Plast Surg. 2004:53,481-7.<\/span><\/li><li><span style=\"color: #333333;\"><strong><span style=\"text-decoration: underline;\">Karacalar A<\/span>,<\/strong>\u00a0\u00d6zcan M. Nasale Sarkoidose. Plast Reconstr Surg. 1998:21,269-270.<\/span><\/li><li><span style=\"color: #333333;\"><span style=\"text-decoration: underline;\"><strong>Karacalar A<\/strong>,<\/span> Turan \u015e, \u00d6zcan M. Verwendung des Stufen-V-Y-Lappens im temporalen Bereich. Plast Reconstr Surg. 1998:1757-1758.<\/span><\/li><li><span style=\"color: #333333;\"><span style=\"text-decoration: underline;\"><strong>Karacalar A<\/strong>,<\/span> \u00d6zcan M. Verwendung eines subkutan gestielten ulnaren Lappens zur Deckung von Hautdefekten am Handgelenk. J Hand Surg. 1998:23A,551-555.<\/span><\/li><li><span style=\"color: #333333;\"><span style=\"text-decoration: underline;\"><strong>Karacalar A<\/strong>,<\/span> \u00d6zgenel Y, \u00d6zcan M. Kombinierte Behandlung von digitalen Degloving-Verletzungen: ein Fallbericht. Microsurgery. 1998: 18, 172-175.<\/span><\/li><li><span style=\"color: #333333;\"><span style=\"text-decoration: underline;\"><strong>Karacalar A<\/strong>,<\/span> \u00d6zcan M. Der distal basierte ulnare Arterien-Unterarm-Lappen, versorgt durch den dorsalen Karpalbogen. Ann Plast Surg. 1998:41,304-306.<\/span><\/li><li><span style=\"color: #333333;\"><strong><a href=\"https:\/\/www.ncbi.nlm.nih.gov\/entrez\/query.fcgi?cmd=Retrieve&amp;db=pubmed&amp;dopt=Abstract&amp;list_uids=16044238&amp;query_hl=1\" target=\"_blank\" rel=\"noopener\"><span style=\"color: #000000; text-decoration: underline;\">Karacalar\u00a0<span style=\"font-weight: 400;\">A,<\/span><\/span><\/a>\u00a0und andere.\u00a0<\/strong> Gleichzeitige Weichteilrekonstruktion und Revaskularisierung des Daumens mit einem durchstr\u00f6menden, distal gestielten radialen Unterarm-Lappen. J Reconstruct Microsurg. 1998:14,449-452.<\/span><\/li><li><span style=\"color: #333333;\"><span style=\"text-decoration: underline;\"><strong>Karacalar A<\/strong>,<\/span>Die Verwendung eines inselartigen Kopfhautlappens, basierend auf der Arteria temporalis superficialis, zur Rekonstruktion des Schl\u00e4fenbereichs. Plast Reconst Surg. 2000: 105,1989.<\/span><\/li><li><span style=\"color: #333333;\"><span style=\"text-decoration: underline;\"><strong>Karacalar A<\/strong><\/span>. Eine Technik zur Verl\u00e4ngerung des Stiels f\u00fcr den Abductor hallucis Muskel-Lappen. Plast Reconst Surg. 2000:105,2275-2276.<\/span><\/li><li><span style=\"color: #333333;\"><span style=\"text-decoration: underline;\"><strong>Karacalar A<\/strong>,<\/span> \u00d6zcan M. Ein modifizierter umgekehrter digitaler Insel-Lappen, der den Nervus digitalis proprius einschlie\u00dft. Ann Plast Surg. 2000:45,67-70.<\/span><\/li><li><span style=\"color: #333333;\"><span style=\"text-decoration: underline;\"><strong>Karacalar A.<\/strong><\/span>\u00a0Verwendung des kompositiven Ohrmuschel-Grafts als innere Schiene bei Patienten mit Gesichtsverbrennungen. Plast Reconst Surg. 2000:106,742-743.<\/span><\/li><li><span style=\"color: #333333;\"><span style=\"text-decoration: underline;\"><strong>Karacalar A<\/strong><\/span>, \u00d6zcan M. Die Superdry-Technik f\u00fcr die Liposuktion des Beins und die No-Touch-Technik f\u00fcr die autologe Fetttransplantation. Plast Reconst Surg. 2000:106,738-739.<\/span><\/li><li><span style=\"color: #333333;\"><span style=\"text-decoration: underline;\"><strong>Karacalar A<\/strong>,<\/span> \u00d6zcan M. Verwendung des distal basierten radialen Unterarm-Lappens, versorgt durch den dorsalen Karpalbogen, den palmaren Karpalbogen oder beide, bei verst\u00fcmmelnden Verletzungen. Scand J Plast Reconstr Hand Surg. 2000: 34,273-277.<\/span><\/li><li><span style=\"color: #333333;\"><span style=\"text-decoration: underline;\"><strong>Karacalar A<\/strong>.<\/span> Kombinierte Anwendung von V-Y-Fortschrittslappen und Rotationslappen. Plast Reconst Surg. 2000:106,1223-1224.<\/span><\/li><li><span style=\"color: #333333;\"><span style=\"text-decoration: underline;\"><strong>Karacalar A<\/strong>,<\/span> Karacalar S: Chemische Verbrennungen durch Blutdruckmanschette, sterilisiert mit Ethylenoxid. Burns. 2000:26, 760-763.<\/span><\/li><li><span style=\"color: #333333;\"><span style=\"text-decoration: underline;\"><strong>Karacalar A<\/strong><\/span>. Axialer bilob\u00e4rer Lappen basierend auf den medianen und medialen oberfl\u00e4chlichen Suralarterien. Scand J Plast Reconstr Hand Surg: 2000: 44,243-245.<\/span><\/li><li><span style=\"color: #333333;\"><span style=\"text-decoration: underline;\"><strong>Karacalar A<\/strong><\/span>, \u00c7epni H. Re, Epineurale H\u00fclsen-Neurorrhaphie. Ann Plast Surg. 2003 :50,101.<\/span><\/li><li><span style=\"color: #333333;\"><strong><a href=\"https:\/\/www.ncbi.nlm.nih.gov\/entrez\/query.fcgi?cmd=Retrieve&amp;db=pubmed&amp;dopt=Abstract&amp;list_uids=16044238&amp;query_hl=1\" target=\"_blank\" rel=\"noopener\"><span style=\"color: #000000; text-decoration: underline;\">Karacalar\u00a0<span style=\"font-weight: 400;\">A,<\/span><\/span><\/a>\u00a0und andere.\u00a0<\/strong>Verwendung der echten Tumeszenz-Technik, An\u00e4sthesie im chirurgischen Management von Lippenkrebs. Ann Plast Surg. 2003 :50,107-8.<\/span><\/li><li><span style=\"color: #333333;\"><strong><a href=\"https:\/\/www.ncbi.nlm.nih.gov\/entrez\/query.fcgi?cmd=Retrieve&amp;db=pubmed&amp;dopt=Abstract&amp;list_uids=12783031&amp;query_hl=1\" target=\"_blank\" rel=\"noopener\"><span style=\"color: #333333;\">Karacalar A<\/span><\/a>.<\/strong>\u00a0Ein weiterer Grund f\u00fcr die Wahl des horizontalen Einschnitts, eine geometrische Illusion. Plast Reconstr Surg. 2003 :111,1364.<\/span><\/li><li><span style=\"color: #333333;\"><a href=\"https:\/\/www.ncbi.nlm.nih.gov\/entrez\/query.fcgi?cmd=Retrieve&amp;db=pubmed&amp;dopt=Abstract&amp;list_uids=12621228&amp;query_hl=1\" target=\"_blank\" rel=\"noopener\"><span style=\"color: #333333;\"><strong>Karacalar A<\/strong>, Simsek T.<\/span><\/a>\u00a0H\u00e4ngematten-Lappen. Plast Reconstr Surg. 2003:111,13689.<\/span><\/li><li><span style=\"color: #333333;\"><a href=\"https:\/\/www.ncbi.nlm.nih.gov\/entrez\/query.fcgi?cmd=Retrieve&amp;db=pubmed&amp;dopt=Abstract&amp;list_uids=12711979&amp;query_hl=1\" target=\"_blank\" rel=\"noopener\"><span style=\"color: #333333;\"><strong>Karacalar A<span style=\"font-weight: 400;\">,<\/span><\/strong>\u00a0Karacalar S.<\/span><\/a>\u00a0Haartransplantation und Kopfschmerzen. Plast Reconstr Surg. 2003:111,2103-4.<\/span><\/li><li><span style=\"color: #333333;\"><strong><a href=\"https:\/\/www.ncbi.nlm.nih.gov\/entrez\/query.fcgi?cmd=Retrieve&amp;db=pubmed&amp;dopt=Abstract&amp;list_uids=16044238&amp;query_hl=1\" target=\"_blank\" rel=\"noopener\"><span style=\"color: #000000; text-decoration: underline;\">Karacalar\u00a0<span style=\"font-weight: 400;\">A,<\/span><\/span><\/a>\u00a0und andere.\u00a0<\/strong>Pr\u00e4emptive Analgesie und eine Feldblock-Technik bei der reduktiven Mammaplastik. Ann Plast Surg. 2003:50,667-8.<\/span><\/li><li><span style=\"color: #333333;\"><strong><a href=\"https:\/\/www.ncbi.nlm.nih.gov\/entrez\/query.fcgi?cmd=Retrieve&amp;db=pubmed&amp;dopt=Abstract&amp;list_uids=12783031&amp;query_hl=1\" target=\"_blank\" rel=\"noopener\"><span style=\"color: #333333;\">Karacalar A<\/span><\/a>.<\/strong>\u00a0Intertask-Transfer in der plastischen Chirurgie. Plast Reconstr Surg. 2003:112,711-2.<\/span><\/li><li><span style=\"color: #333333;\"><a href=\"https:\/\/www.ncbi.nlm.nih.gov\/entrez\/query.fcgi?cmd=Retrieve&amp;db=pubmed&amp;dopt=Abstract&amp;list_uids=15211205&amp;query_hl=1\" target=\"_blank\" rel=\"noopener\"><span style=\"color: #333333;\"><strong>Karacalar A<span style=\"font-weight: 400;\">,<\/span><\/strong>\u00a0\u015een C, Engin S, \u00d6zcan M.<\/span><\/a>\u00a0Proximale gestielter muskulokutaner anteriorer Interosseus-Lappen f\u00fcr die Rekonstruktion der Fossa cubitalis. Ann Plast Surg. 2004 :53,79-82.<\/span><\/li><li><span style=\"color: #333333;\"><a href=\"https:\/\/www.ncbi.nlm.nih.gov\/entrez\/query.fcgi?cmd=Retrieve&amp;db=pubmed&amp;dopt=Abstract&amp;list_uids=15370810&amp;query_hl=1\" target=\"_blank\" rel=\"noopener\"><span style=\"color: #333333;\"><strong>Karacalar A<span style=\"font-weight: 400;\">,<\/span><\/strong>\u00a0\u00d6zbek S, \u00d6zcan M.<\/span><\/a>\u00a0Freier Rectus-abdominis-Muskellappen mit plantarer Hauttransplantation \u2013 eine kombinierte Methode zur \u00e4sthetischen und funktionellen Rekonstruktion der Ferse. Scand J Plast Reconstr Surg Hand Surg. 2004:38,248-9.<\/span><\/li><li><span style=\"color: #333333;\"><a href=\"https:\/\/www.ncbi.nlm.nih.gov\/entrez\/query.fcgi?cmd=Retrieve&amp;db=pubmed&amp;dopt=Abstract&amp;list_uids=16019739&amp;query_hl=1\" target=\"_blank\" rel=\"noopener\"><span style=\"color: #333333;\"><strong>Karacalar A<span style=\"font-weight: 400;\">,<\/span><\/strong>\u00a0\u00d6zcan M.<\/span><\/a>\u00a0L\u00e4ngsgeteilter Radialislappen des Unterarms. Scand J Plast Reconstr Surg Hand Surg. 2005:39,109-12.<\/span><\/li><li><span style=\"color: #333333;\"><span style=\"text-decoration: underline;\"><strong>Karacalar A<\/strong>,<\/span> \u015eim\u015fek T, \u00c7epni H. Schr\u00e4ger Skapulappen: ein Fallbericht. Scand J Plast Reconstr Surg Hand Surg. 2006.<\/span><\/li><li><span style=\"color: #333333;\"><span style=\"text-decoration: underline;\"><strong>Karacalar A<\/strong><\/span>, \u00d6zcan M. Der adipofasziale Umklapplappen zur Deckung von Fingerdefekten. Eur J Plast Surg. 1994: 17,189-190.<\/span><\/li><li><span style=\"color: #333333;\"><span style=\"text-decoration: underline;\"><strong>Karacalar A<\/strong><\/span>, \u00d6zcan M. Zweiter neurovaskul\u00e4rer Insel-Insel-Lappen der Arteria metacarpea dorsalis: klinische Anwendungen. Eur J Plast Surg. 1995: 18,153-156.<\/span><\/li><li><span style=\"color: #333333;\"><span style=\"text-decoration: underline;\"><strong>Karacalar A<\/strong><\/span>, \u00d6zcan M. Der proximale dorsale digitale Lappen. Eur J Plast Surg.1998:21,362-365.<\/span><\/li><li><span style=\"color: #333333;\"><span style=\"text-decoration: underline;\"><strong>Karacalar A<\/strong>,<\/span> \u00d6zcan M. Freier erweiterter doppelter Hemipulp-Transfer. Eur J Plast Surg. 1999: 22,220-224.<\/span><\/li><li><span style=\"color: #333333;\"><span style=\"text-decoration: underline;\"><strong>Karacalar A<\/strong>,<\/span> G\u00fcner H. Eine neue Technik zur Korrektur von Zehensyndaktylien. Eur J Plast Surg.2000:23,101-103.<\/span><\/li><li><span style=\"color: #333333;\"><strong><a href=\"https:\/\/www.ncbi.nlm.nih.gov\/entrez\/query.fcgi?cmd=Retrieve&amp;db=pubmed&amp;dopt=Abstract&amp;list_uids=16044238&amp;query_hl=1\" target=\"_blank\" rel=\"noopener\"><span style=\"color: #000000; text-decoration: underline;\">Karacalar\u00a0<span style=\"font-weight: 400;\">A,<\/span><\/span><\/a>\u00a0und andere.\u00a0<\/strong>Der neuroven\u00f6se (oder adiponeuroven\u00f6se) epigastrische Lappen bei der Ratte. Eur J Plast Surg. 2000:23,283-288.<\/span><\/li><li><span style=\"color: #333333;\"><span style=\"text-decoration: underline;\"><strong>Karacalar A<\/strong><\/span>, \u00d6zcan M. Arterialisierte Venenklappen zur Hautdeckung und Revaskularisierung der Hand. Eur J Plast Surg.1998: 21,269-270.<\/span><\/li><li><span style=\"color: #333333;\"><span style=\"text-decoration: underline;\"><strong>Karacalar A<\/strong>.<\/span> Antwort des Autors. Eur J Plast Surg. 2000: 23,288.<\/span><\/li><li><span style=\"color: #333333;\"><span style=\"text-decoration: underline;\"><strong>Karacalar A<\/strong>.<\/span> Die Verwendung von distal ligierten Arterien als Gef\u00e4\u00dfstiele von Lappen mit umgekehrtem Fluss f\u00fcr die Weichteilrekonstruktion des Fu\u00dfes nach Trauma: zwei Fallberichte. Eur J Plast Surg. 2000:23, 373-376.<\/span><\/li><li><span style=\"color: #333333;\"><span style=\"text-decoration: underline;\"><strong>Karacalar A<\/strong><\/span>. Antwort des Autors. Eur J Plast Surg.2000:23,378.<\/span><\/li><\/ul><p>\u201cSuperdry-Liposuktion 4D bei der Behandlung von Lipohypertrophie und Lip\u00f6dem. <strong data-start=\"277\" data-end=\"318\"><span class=\"hover:entity-accent entity-underline inline cursor-pointer align-baseline\"><span class=\"whitespace-normal\">Global Experts Meeting on Plastic and Aesthetic Surgery 2018<\/span><\/span><\/strong><\/p><p>Singapur<\/p><p>14.\u201315. Mai 2018<\/p><p><span style=\"color: #000000;\"><strong>Um Zitationen der Arbeiten von Dr. Karacalar durch andere Forscher zu finden\u00a0<\/strong>\u00a0<a href=\"https:\/\/scholar.google.com\" target=\"_blank\" rel=\"noopener\">https:\/\/scholar.google.com<\/a>\u00a0<\/span><\/p>\t\t\t\t\t\t\t\t<\/div>\n\t\t\t\t<\/div>\n\t\t<div class=\"elementor-element elementor-element-d20ff08 e-con-full e-flex e-con e-child\" data-id=\"d20ff08\" data-element_type=\"container\" data-e-type=\"container\">\n\t\t\t\t<div class=\"elementor-element elementor-element-8295f41 elementor-widget elementor-widget-image\" data-id=\"8295f41\" data-element_type=\"widget\" data-e-type=\"widget\" data-widget_type=\"image.default\">\n\t\t\t\t\t\t\t\t\t\t\t\t\t\t\t<img fetchpriority=\"high\" decoding=\"async\" width=\"581\" height=\"581\" src=\"https:\/\/ahmetkaracalar.com\/wp-content\/uploads\/2025\/12\/prof-dr-ahmet-karacalar.jpg\" class=\"attachment-large size-large wp-image-5142\" alt=\"Prof. Dr. Ahmet Karacalar - Spezialist f\u00fcr \u00c4sthetische, Plastische und Rekonstruktive Chirurgie, Istanbul\" srcset=\"https:\/\/ahmetkaracalar.com\/wp-content\/uploads\/2025\/12\/prof-dr-ahmet-karacalar.jpg 581w, https:\/\/ahmetkaracalar.com\/wp-content\/uploads\/2025\/12\/prof-dr-ahmet-karacalar-300x300.jpg 300w, https:\/\/ahmetkaracalar.com\/wp-content\/uploads\/2025\/12\/prof-dr-ahmet-karacalar-150x150.jpg 150w\" sizes=\"(max-width: 581px) 100vw, 581px\" title=\"\">\t\t\t\t\t\t\t\t\t\t\t\t\t\t\t<\/div>\n\t\t\t\t<div class=\"elementor-element elementor-element-a86473f elementor-widget elementor-widget-image-gallery\" data-id=\"a86473f\" data-element_type=\"widget\" data-e-type=\"widget\" data-widget_type=\"image-gallery.default\">\n\t\t\t\t\t\t\t<div class=\"elementor-image-gallery\">\n\t\t\t\n\t\t<style type=\"text\/css\">\n\t\t\t#gallery-1 {\n\t\t\t\tmargin: auto;\n\t\t\t}\n\t\t\t#gallery-1 .gallery-item {\n\t\t\t\tfloat: left;\n\t\t\t\tmargin-top: 10px;\n\t\t\t\ttext-align: center;\n\t\t\t\twidth: 50%;\n\t\t\t}\n\t\t\t#gallery-1 img {\n\t\t\t\tborder: 2px solid #cfcfcf;\n\t\t\t}\n\t\t\t#gallery-1 .gallery-caption {\n\t\t\t\tmargin-left: 0;\n\t\t\t}\n\t\t\t\/* see gallery_shortcode() in wp-includes\/media.php *\/\n\t\t<\/style>\n\t\t<div id='gallery-1' class='gallery galleryid-19 gallery-columns-2 gallery-size-medium'><dl class='gallery-item'>\n\t\t\t<dt class='gallery-icon portrait'>\n\t\t\t\t<a data-elementor-open-lightbox=\"yes\" data-elementor-lightbox-slideshow=\"a86473f\" data-elementor-lightbox-title=\"Kad\u0131k\u00f6yl\u00fc Herophilus: Anatomical Reconstruction in Contemporary Sculptural Art\" data-elementor-lightbox-description=\"The image captures a male individual, an artist, engaged in the intricate process of sculpting a life-sized clay bust. The artwork prominently displays a developing human head and superior trunk. Key anatomical regions visible on the sculpture include the robust supraorbital ridge, orbicularis oculi complex, and the initial formation of the nasal pyramid. Inferior to these structures, the mental and mandibular regions are suggested by textured clay. The cervical segment is transitional, leading to a developing upper thoracic\/pectoral area with significant surface texturing. An internal wire armature is discernible, particularly at the superior cranial aspect, providing structural integrity. The artist&#039;s right upper extremity, specifically the forearm and hand, is actively manipulating a sculpting tool to refine the contours of the clay, illustrating a focus on anatomical accuracy and proportional representation.\" data-e-action-hash=\"#elementor-action%3Aaction%3Dlightbox%26settings%3DeyJpZCI6NDY5NSwidXJsIjoiaHR0cHM6XC9cL2FobWV0a2FyYWNhbGFyLmNvbVwvd3AtY29udGVudFwvdXBsb2Fkc1wvMjAyM1wvMDlcL0lNR18wMjI5LTEtc2NhbGVkLmpwZyIsInNsaWRlc2hvdyI6ImE4NjQ3M2YifQ%3D%3D\" href=\"https:\/\/ahmetkaracalar.com\/wp-content\/uploads\/2023\/09\/IMG_0229-1-scaled.jpg\"><img width=\"225\" height=\"300\" src=\"https:\/\/ahmetkaracalar.com\/wp-content\/uploads\/2023\/09\/IMG_0229-1-225x300.jpg\" class=\"attachment-medium size-medium\" alt=\"Sculptor working on a large clay bust, detailing craniofacial features and upper torso, supported by an internal armature.\" aria-describedby=\"gallery-1-4695\" decoding=\"async\" srcset=\"https:\/\/ahmetkaracalar.com\/wp-content\/uploads\/2023\/09\/IMG_0229-1-225x300.jpg 225w, https:\/\/ahmetkaracalar.com\/wp-content\/uploads\/2023\/09\/IMG_0229-1-scaled.jpg 1920w\" sizes=\"(max-width: 225px) 100vw, 225px\" title=\"\"><\/a>\n\t\t\t<\/dt>\n\t\t\t\t<dd class='wp-caption-text gallery-caption' id='gallery-1-4695'>\n\t\t\t\tMeticulous artistic rendering of human anatomy through clay sculpting, highlighting the process of form development from basic structure to detailed features.\n\t\t\t\t<\/dd><\/dl><dl class='gallery-item'>\n\t\t\t<dt class='gallery-icon portrait'>\n\t\t\t\t<a data-elementor-open-lightbox=\"yes\" data-elementor-lightbox-slideshow=\"a86473f\" data-elementor-lightbox-title=\"Anatomical Study: Posterior Human Trunk and Gluteal Proportions (oranlar) in Bronze by Dr. Karacalar\" data-elementor-lightbox-description=\"This bronze sculpture, attributed to Dr. Karacalar, offers a precise three-dimensional anatomical representation of the posterior human trunk. It delineates the thoracolumbar spine, including the characteristic lumbar lordosis, and transitions inferiorly into a well-defined gluteal region, highlighting the contours of the gluteus maximus and associated musculature. The sculpture extends to the proximal femoral region, accurately depicting the transition from the pelvis to the upper thigh. Its design emphasizes anatomical accuracy and human proportions (oranlar), serving as a valuable tool for morphological study.\" data-e-action-hash=\"#elementor-action%3Aaction%3Dlightbox%26settings%3DeyJpZCI6NDY5MSwidXJsIjoiaHR0cHM6XC9cL2FobWV0a2FyYWNhbGFyLmNvbVwvd3AtY29udGVudFwvdXBsb2Fkc1wvMjAyM1wvMDlcL0lNR181MjQ0LmpwZyIsInNsaWRlc2hvdyI6ImE4NjQ3M2YifQ%3D%3D\" href=\"https:\/\/ahmetkaracalar.com\/wp-content\/uploads\/2023\/09\/IMG_5244.jpg\"><img width=\"198\" height=\"300\" src=\"https:\/\/ahmetkaracalar.com\/wp-content\/uploads\/2023\/09\/IMG_5244-198x300.jpg\" class=\"attachment-medium size-medium\" alt=\"Dr. Karacalar&#039;s bronze sculpture depicting human posterior trunk and gluteal region anatomy.\" aria-describedby=\"gallery-1-4691\" decoding=\"async\" srcset=\"https:\/\/ahmetkaracalar.com\/wp-content\/uploads\/2023\/09\/IMG_5244-198x300.jpg 198w, https:\/\/ahmetkaracalar.com\/wp-content\/uploads\/2023\/09\/IMG_5244-675x1024.jpg 675w, https:\/\/ahmetkaracalar.com\/wp-content\/uploads\/2023\/09\/IMG_5244-768x1165.jpg 768w, https:\/\/ahmetkaracalar.com\/wp-content\/uploads\/2023\/09\/IMG_5244-1013x1536.jpg 1013w, https:\/\/ahmetkaracalar.com\/wp-content\/uploads\/2023\/09\/IMG_5244.jpg 1070w\" sizes=\"(max-width: 198px) 100vw, 198px\" title=\"\"><\/a>\n\t\t\t<\/dt>\n\t\t\t\t<dd class='wp-caption-text gallery-caption' id='gallery-1-4691'>\n\t\t\t\tA detailed anatomical study in bronze, showcasing the posterior human trunk and gluteal region with emphasis on natural proportions.\n\t\t\t\t<\/dd><\/dl><br style=\"clear: both\" \/><dl class='gallery-item'>\n\t\t\t<dt class='gallery-icon portrait'>\n\t\t\t\t<a data-elementor-open-lightbox=\"yes\" data-elementor-lightbox-slideshow=\"a86473f\" data-elementor-lightbox-title=\"Dr.Karacalar heykel\" data-elementor-lightbox-description=\"Dr.Karacalar heykel,bronz, uyku\" data-e-action-hash=\"#elementor-action%3Aaction%3Dlightbox%26settings%3DeyJpZCI6NDY4NCwidXJsIjoiaHR0cHM6XC9cL2FobWV0a2FyYWNhbGFyLmNvbVwvd3AtY29udGVudFwvdXBsb2Fkc1wvMjAyM1wvMDlcL0lNR181MjQ4LmpwZyIsInNsaWRlc2hvdyI6ImE4NjQ3M2YifQ%3D%3D\" href=\"https:\/\/ahmetkaracalar.com\/wp-content\/uploads\/2023\/09\/IMG_5248.jpg\"><img loading=\"lazy\" width=\"121\" height=\"300\" src=\"https:\/\/ahmetkaracalar.com\/wp-content\/uploads\/2023\/09\/IMG_5248-121x300.jpg\" class=\"attachment-medium size-medium\" alt=\"Dr.Karacalar Statue\" aria-describedby=\"gallery-1-4684\" decoding=\"async\" srcset=\"https:\/\/ahmetkaracalar.com\/wp-content\/uploads\/2023\/09\/IMG_5248-121x300.jpg 121w, https:\/\/ahmetkaracalar.com\/wp-content\/uploads\/2023\/09\/IMG_5248-412x1024.jpg 412w, https:\/\/ahmetkaracalar.com\/wp-content\/uploads\/2023\/09\/IMG_5248-768x1907.jpg 768w, https:\/\/ahmetkaracalar.com\/wp-content\/uploads\/2023\/09\/IMG_5248-619x1536.jpg 619w, https:\/\/ahmetkaracalar.com\/wp-content\/uploads\/2023\/09\/IMG_5248-825x2048.jpg 825w, https:\/\/ahmetkaracalar.com\/wp-content\/uploads\/2023\/09\/IMG_5248.jpg 834w\" sizes=\"(max-width: 121px) 100vw, 121px\" title=\"\"><\/a>\n\t\t\t<\/dt>\n\t\t\t\t<dd class='wp-caption-text gallery-caption' id='gallery-1-4684'>\n\t\t\t\tDr.Karacalar Statue, Bronze, Schlaf\n\t\t\t\t<\/dd><\/dl><dl class='gallery-item'>\n\t\t\t<dt class='gallery-icon portrait'>\n\t\t\t\t<a data-elementor-open-lightbox=\"yes\" data-elementor-lightbox-slideshow=\"a86473f\" data-elementor-lightbox-title=\"Anatomical Representation of the Female Form in a Meditative Posture\" data-elementor-lightbox-description=\"This image displays a bronze sculpture of a female figure depicted in a seated, cross-legged posture, indicative of meditation or deep contemplation. The lower limbs are adducted and flexed at both the hips and knees, with the feet positioned medially. The torso is erect, presenting prominent mammary glands on the anterior thorax, featuring distinctly delineated areolae and nipples. The upper limbs are flexed at the elbows, with the forearms and hands resting in the lap, appearing gently interlocked. The cervical region is elongated, supporting a cranium with discernible facial features, including defined orbits, nasal structure, and mouth. The hair is sculpted to be gathered superiorly. The sculpture exhibits a characteristic verdigris patina, typical of aged bronze.\" data-e-action-hash=\"#elementor-action%3Aaction%3Dlightbox%26settings%3DeyJpZCI6NDY4NSwidXJsIjoiaHR0cHM6XC9cL2FobWV0a2FyYWNhbGFyLmNvbVwvd3AtY29udGVudFwvdXBsb2Fkc1wvMjAyM1wvMDlcL0lNR181MjQ3LmpwZyIsInNsaWRlc2hvdyI6ImE4NjQ3M2YifQ%3D%3D\" href=\"https:\/\/ahmetkaracalar.com\/wp-content\/uploads\/2023\/09\/IMG_5247.jpg\"><img loading=\"lazy\" width=\"190\" height=\"300\" src=\"https:\/\/ahmetkaracalar.com\/wp-content\/uploads\/2023\/09\/IMG_5247-190x300.jpg\" class=\"attachment-medium size-medium\" alt=\"Bronze sculpture of a seated female figure in a contemplative, cross-legged posture.\" aria-describedby=\"gallery-1-4685\" decoding=\"async\" srcset=\"https:\/\/ahmetkaracalar.com\/wp-content\/uploads\/2023\/09\/IMG_5247-190x300.jpg 190w, https:\/\/ahmetkaracalar.com\/wp-content\/uploads\/2023\/09\/IMG_5247-648x1024.jpg 648w, https:\/\/ahmetkaracalar.com\/wp-content\/uploads\/2023\/09\/IMG_5247-768x1213.jpg 768w, https:\/\/ahmetkaracalar.com\/wp-content\/uploads\/2023\/09\/IMG_5247.jpg 949w\" sizes=\"(max-width: 190px) 100vw, 190px\" title=\"\"><\/a>\n\t\t\t<\/dt>\n\t\t\t\t<dd class='wp-caption-text gallery-caption' id='gallery-1-4685'>\n\t\t\t\tA &#8216;bronz heykel&#8217; (bronze sculpture) by Dr. Karacalar, thoughtfully designed to encapsulate &#8216;psikoestetik&#8217; principles through the human form.\n\t\t\t\t<\/dd><\/dl><br style=\"clear: both\" \/><dl class='gallery-item'>\n\t\t\t<dt class='gallery-icon portrait'>\n\t\t\t\t<a data-elementor-open-lightbox=\"yes\" data-elementor-lightbox-slideshow=\"a86473f\" data-elementor-lightbox-title=\"Inverted Human Form: A Bronzed Anatomical Representation\" data-elementor-lightbox-description=\"This bronze sculptural piece depicts a human figure in an inverted anatomical position. The cranial region serves as the basal support, articulating with the rectangular plinth. The cervical spine is depicted in a flexed orientation, allowing the head to bear the body&#039;s weight. The trunk, encompassing the thoracic and abdominal compartments, is aligned vertically, extending superiorly from the head. The gluteal region and posterior pelvic anatomy are distinctly rendered on the inferior aspect of the torso relative to the extended lower limbs. The upper extremities are not overtly articulated, suggesting an integrated posture or omission from the primary anatomical focus. The bilateral lower extremities are fully extended at the hip and knee joints, projecting vertically upwards, with the pedes (feet) directed towards the apex. The overall form presents a study in equilibrium and the biomechanical challenges posed by an inverted stance against the principles of yer\u00e7ekimi.\" data-e-action-hash=\"#elementor-action%3Aaction%3Dlightbox%26settings%3DeyJpZCI6NDY4NiwidXJsIjoiaHR0cHM6XC9cL2FobWV0a2FyYWNhbGFyLmNvbVwvd3AtY29udGVudFwvdXBsb2Fkc1wvMjAyM1wvMDlcL0lNR181MjQ2LmpwZyIsInNsaWRlc2hvdyI6ImE4NjQ3M2YifQ%3D%3D\" href=\"https:\/\/ahmetkaracalar.com\/wp-content\/uploads\/2023\/09\/IMG_5246.jpg\"><img loading=\"lazy\" width=\"200\" height=\"300\" src=\"https:\/\/ahmetkaracalar.com\/wp-content\/uploads\/2023\/09\/IMG_5246-200x300.jpg\" class=\"attachment-medium size-medium\" alt=\"Bronze sculpture of an inverted human figure with the head as the base and lower limbs extended superiorly.\" aria-describedby=\"gallery-1-4686\" decoding=\"async\" srcset=\"https:\/\/ahmetkaracalar.com\/wp-content\/uploads\/2023\/09\/IMG_5246-200x300.jpg 200w, https:\/\/ahmetkaracalar.com\/wp-content\/uploads\/2023\/09\/IMG_5246-682x1024.jpg 682w, https:\/\/ahmetkaracalar.com\/wp-content\/uploads\/2023\/09\/IMG_5246-768x1154.jpg 768w, https:\/\/ahmetkaracalar.com\/wp-content\/uploads\/2023\/09\/IMG_5246-1022x1536.jpg 1022w, https:\/\/ahmetkaracalar.com\/wp-content\/uploads\/2023\/09\/IMG_5246.jpg 1125w\" sizes=\"(max-width: 200px) 100vw, 200px\" title=\"\"><\/a>\n\t\t\t<\/dt>\n\t\t\t\t<dd class='wp-caption-text gallery-caption' id='gallery-1-4686'>\n\t\t\t\tDr. Karacalar&#8217;s bronze sculpture visually explores anatomical balance and the human body&#8217;s interaction with gravitational forces in an inverted posture. This bronz heykel emphasizes the musculoskeletal system&#8217;s capacity for stability and control.\n\t\t\t\t<\/dd><\/dl><dl class='gallery-item'>\n\t\t\t<dt class='gallery-icon portrait'>\n\t\t\t\t<a data-elementor-open-lightbox=\"yes\" data-elementor-lightbox-slideshow=\"a86473f\" data-elementor-lightbox-title=\"Craniofacial Sculpture: Representation of Nasal Morphology and Reconstruction\" data-elementor-lightbox-description=\"This image displays a lateral profile of a human head sculpture, crafted from a polyester-bronze composite material, focusing on detailed craniofacial anatomy. The cranium is sculpted with textured, wavy hair. Key facial structures include the supraorbital region, orbital cavities with deeply set eyes, and a subtly defined oral aperture. The most distinctive feature is the nasal structure, which is rendered in a noticeably lighter, smoother bronze, suggesting a deliberate contrast or an affixed prosthetic. This nasal element features a well-defined dorsum and apex, appearing as a distinct integration into the darker, more weathered main facial form. The representation subtly evokes themes of &#039;kusurlu g\u00fczellik&#039; (flawed beauty) in its unique stylistic choices, characteristic of works by Dr. Karacalar. The partial cervical region forms the base of the bust.\" data-e-action-hash=\"#elementor-action%3Aaction%3Dlightbox%26settings%3DeyJpZCI6NDY4NywidXJsIjoiaHR0cHM6XC9cL2FobWV0a2FyYWNhbGFyLmNvbVwvd3AtY29udGVudFwvdXBsb2Fkc1wvMjAyM1wvMDlcL0lNR181MjQ1LmpwZyIsInNsaWRlc2hvdyI6ImE4NjQ3M2YifQ%3D%3D\" href=\"https:\/\/ahmetkaracalar.com\/wp-content\/uploads\/2023\/09\/IMG_5245.jpg\"><img loading=\"lazy\" width=\"258\" height=\"300\" src=\"https:\/\/ahmetkaracalar.com\/wp-content\/uploads\/2023\/09\/IMG_5245-258x300.jpg\" class=\"attachment-medium size-medium\" alt=\"Lateral view of a bronze human head sculpture featuring a distinct, lighter-toned nasal prosthesis, attributed to Dr. Karacalar.\" aria-describedby=\"gallery-1-4687\" decoding=\"async\" srcset=\"https:\/\/ahmetkaracalar.com\/wp-content\/uploads\/2023\/09\/IMG_5245-258x300.jpg 258w, https:\/\/ahmetkaracalar.com\/wp-content\/uploads\/2023\/09\/IMG_5245-881x1024.jpg 881w, https:\/\/ahmetkaracalar.com\/wp-content\/uploads\/2023\/09\/IMG_5245-768x892.jpg 768w, https:\/\/ahmetkaracalar.com\/wp-content\/uploads\/2023\/09\/IMG_5245.jpg 1062w\" sizes=\"(max-width: 258px) 100vw, 258px\" title=\"\"><\/a>\n\t\t\t<\/dt>\n\t\t\t\t<dd class='wp-caption-text gallery-caption' id='gallery-1-4687'>\n\t\t\t\tA bronze bust by Dr. Karacalar, exhibiting detailed craniofacial features with a prominent, contrasting nasal component, exploring concepts of &#8216;kusurlu g\u00fczellik&#8217; (flawed beauty) through artistic representation.\n\t\t\t\t<\/dd><\/dl><br style=\"clear: both\" \/><dl class='gallery-item'>\n\t\t\t<dt class='gallery-icon landscape'>\n\t\t\t\t<a data-elementor-open-lightbox=\"yes\" data-elementor-lightbox-slideshow=\"a86473f\" data-elementor-lightbox-title=\"Dr.Karacalar&#039;s Bronz Heykel: Anatomical Variations of the External Nose and Respiration (Nefes)\" data-elementor-lightbox-description=\"This collection by Dr.Karacalar presents several individual bronz heykel (bronze sculptures), each meticulously depicting the human external nose (nasus externus). The detailed anatomical features observable across the series include the dorsum nasi (nasal bridge), apex nasi (nasal tip), alae nasi (lateral cartilages forming the nostril walls), and the nares (nostrils). The variations in morphology across the sculptures highlight the diverse structural presentations of the human nose, which are integral to understanding facial anatomy, reconstructive procedures, and the physiological process of respiration (nefes).\" data-e-action-hash=\"#elementor-action%3Aaction%3Dlightbox%26settings%3DeyJpZCI6NDY4MSwidXJsIjoiaHR0cHM6XC9cL2FobWV0a2FyYWNhbGFyLmNvbVwvd3AtY29udGVudFwvdXBsb2Fkc1wvMjAyM1wvMDlcL0lNR181MjQ5LmpwZyIsInNsaWRlc2hvdyI6ImE4NjQ3M2YifQ%3D%3D\" href=\"https:\/\/ahmetkaracalar.com\/wp-content\/uploads\/2023\/09\/IMG_5249.jpg\"><img loading=\"lazy\" width=\"300\" height=\"229\" src=\"https:\/\/ahmetkaracalar.com\/wp-content\/uploads\/2023\/09\/IMG_5249-300x229.jpg\" class=\"attachment-medium size-medium\" alt=\"Collection of bronze anatomical sculptures of the external nose\" aria-describedby=\"gallery-1-4681\" decoding=\"async\" srcset=\"https:\/\/ahmetkaracalar.com\/wp-content\/uploads\/2023\/09\/IMG_5249-300x229.jpg 300w, https:\/\/ahmetkaracalar.com\/wp-content\/uploads\/2023\/09\/IMG_5249-1024x783.jpg 1024w, https:\/\/ahmetkaracalar.com\/wp-content\/uploads\/2023\/09\/IMG_5249-768x587.jpg 768w, https:\/\/ahmetkaracalar.com\/wp-content\/uploads\/2023\/09\/IMG_5249.jpg 1125w\" sizes=\"(max-width: 300px) 100vw, 300px\" title=\"\"><\/a>\n\t\t\t<\/dt>\n\t\t\t\t<dd class='wp-caption-text gallery-caption' id='gallery-1-4681'>\n\t\t\t\tA clinical academic display of external nasal anatomy, emphasizing the structural basis of respiration.\n\t\t\t\t<\/dd><\/dl><dl class='gallery-item'>\n\t\t\t<dt class='gallery-icon portrait'>\n\t\t\t\t<a data-elementor-open-lightbox=\"yes\" data-elementor-lightbox-slideshow=\"a86473f\" data-elementor-lightbox-title=\"Dr.Karacalar, suluboya\" data-elementor-lightbox-description=\"Dr.Karacalar, suluboya\" data-e-action-hash=\"#elementor-action%3Aaction%3Dlightbox%26settings%3DeyJpZCI6NDcyNywidXJsIjoiaHR0cHM6XC9cL2FobWV0a2FyYWNhbGFyLmNvbVwvd3AtY29udGVudFwvdXBsb2Fkc1wvMjAyM1wvMDlcL1NjcmVlbi1TaG90LTIwMjMtMDktMDctYXQtMTYuNDcuMjYucG5nIiwic2xpZGVzaG93IjoiYTg2NDczZiJ9\" href=\"https:\/\/ahmetkaracalar.com\/wp-content\/uploads\/2023\/09\/Screen-Shot-2023-09-07-at-16.47.26.png\"><img loading=\"lazy\" width=\"207\" height=\"300\" src=\"https:\/\/ahmetkaracalar.com\/wp-content\/uploads\/2023\/09\/Screen-Shot-2023-09-07-at-16.47.26-207x300.png\" class=\"attachment-medium size-medium\" alt=\"Dr.Karacalar, Aquarell\" aria-describedby=\"gallery-1-4727\" decoding=\"async\" srcset=\"https:\/\/ahmetkaracalar.com\/wp-content\/uploads\/2023\/09\/Screen-Shot-2023-09-07-at-16.47.26-207x300.png 207w, https:\/\/ahmetkaracalar.com\/wp-content\/uploads\/2023\/09\/Screen-Shot-2023-09-07-at-16.47.26-706x1024.png 706w, https:\/\/ahmetkaracalar.com\/wp-content\/uploads\/2023\/09\/Screen-Shot-2023-09-07-at-16.47.26-768x1114.png 768w, https:\/\/ahmetkaracalar.com\/wp-content\/uploads\/2023\/09\/Screen-Shot-2023-09-07-at-16.47.26.png 862w\" sizes=\"(max-width: 207px) 100vw, 207px\" title=\"\"><\/a>\n\t\t\t<\/dt>\n\t\t\t\t<dd class='wp-caption-text gallery-caption' id='gallery-1-4727'>\n\t\t\t\tDr.Karacalar, Aquarell\n\t\t\t\t<\/dd><\/dl><br style=\"clear: both\" \/><dl class='gallery-item'>\n\t\t\t<dt class='gallery-icon portrait'>\n\t\t\t\t<a data-elementor-open-lightbox=\"yes\" data-elementor-lightbox-slideshow=\"a86473f\" data-elementor-lightbox-title=\"Dr.Karacalar, suluboya\" data-elementor-lightbox-description=\"Dr.Karacalar, suluboya\" data-e-action-hash=\"#elementor-action%3Aaction%3Dlightbox%26settings%3DeyJpZCI6NDczMSwidXJsIjoiaHR0cHM6XC9cL2FobWV0a2FyYWNhbGFyLmNvbVwvd3AtY29udGVudFwvdXBsb2Fkc1wvMjAyM1wvMDlcL1NjcmVlbi1TaG90LTIwMjMtMDktMDctYXQtMTYuNTAuNTAucG5nIiwic2xpZGVzaG93IjoiYTg2NDczZiJ9\" href=\"https:\/\/ahmetkaracalar.com\/wp-content\/uploads\/2023\/09\/Screen-Shot-2023-09-07-at-16.50.50.png\"><img loading=\"lazy\" width=\"228\" height=\"300\" src=\"https:\/\/ahmetkaracalar.com\/wp-content\/uploads\/2023\/09\/Screen-Shot-2023-09-07-at-16.50.50-228x300.png\" class=\"attachment-medium size-medium\" alt=\"Dr.Karacalar, Aquarell\" aria-describedby=\"gallery-1-4731\" decoding=\"async\" srcset=\"https:\/\/ahmetkaracalar.com\/wp-content\/uploads\/2023\/09\/Screen-Shot-2023-09-07-at-16.50.50-228x300.png 228w, https:\/\/ahmetkaracalar.com\/wp-content\/uploads\/2023\/09\/Screen-Shot-2023-09-07-at-16.50.50-780x1024.png 780w, https:\/\/ahmetkaracalar.com\/wp-content\/uploads\/2023\/09\/Screen-Shot-2023-09-07-at-16.50.50-768x1009.png 768w, https:\/\/ahmetkaracalar.com\/wp-content\/uploads\/2023\/09\/Screen-Shot-2023-09-07-at-16.50.50.png 958w\" sizes=\"(max-width: 228px) 100vw, 228px\" title=\"\"><\/a>\n\t\t\t<\/dt>\n\t\t\t\t<dd class='wp-caption-text gallery-caption' id='gallery-1-4731'>\n\t\t\t\tDr.Karacalar, Aquarell\n\t\t\t\t<\/dd><\/dl>\n\t\t\t<br style='clear: both' \/>\n\t\t<\/div>\n\t\t<\/div>\n\t\t\t\t\t\t<\/div>\n\t\t\t\t<\/div>\n\t\t\t\t\t<\/div>\n\t\t\t\t<\/div>\n\t\t<div class=\"elementor-element elementor-element-258bbd0 e-flex e-con-boxed e-con e-parent\" data-id=\"258bbd0\" data-element_type=\"container\" data-e-type=\"container\">\n\t\t\t\t\t<div class=\"e-con-inner\">\n\t\t\t\t<div class=\"elementor-element elementor-element-cc772fb elementor-widget elementor-widget-testimonial\" data-id=\"cc772fb\" data-element_type=\"widget\" data-e-type=\"widget\" data-widget_type=\"testimonial.default\">\n\t\t\t\t\t\t\t<div class=\"elementor-testimonial-wrapper\">\n\t\t\t\t\t\t\t<div class=\"elementor-testimonial-content\"><h2><span class=\"ez-toc-section\" id=\"Dr_Karacalarin_Kitaplari\"><\/span>B\u00fccher von Dr. Karacalar<span class=\"ez-toc-section-end\"><\/span><\/h2>\nUm die \u00e4sthetische Chirurgie-Philosophie von Prof. Dr. Ahmet Karacalar und seine verfassten wissenschaftlichen Werke zu untersuchen, <b data-path-to-node=\"3,0\" data-index-in-node=\"107\"><a class=\"ng-star-inserted\" href=\"https:\/\/ahmetkaracalar.com\/de\/dr-karacalarin-kitaplari-2\/\" target=\"_blank\" rel=\"noopener\" data-hveid=\"0\" data-ved=\"0CAAQ_4QMahgKEwignJOVsfmRAxUAAAAAHQAAAAAQqAM\">k\u00f6nnen Sie die Seite Dr. Karacalars B\u00fccher<\/a><\/b> besuchen.<\/div>\n\t\t\t\n\t\t\t\t\t\t<div class=\"elementor-testimonial-meta elementor-has-image elementor-testimonial-image-position-aside\">\n\t\t\t\t<div class=\"elementor-testimonial-meta-inner\">\n\t\t\t\t\t\t\t\t\t\t\t<div class=\"elementor-testimonial-image\">\n\t\t\t\t\t\t\t<img loading=\"lazy\" decoding=\"async\" width=\"581\" height=\"581\" src=\"https:\/\/ahmetkaracalar.com\/wp-content\/uploads\/2025\/12\/prof-dr-ahmet-karacalar.jpg\" class=\"attachment-full size-full wp-image-5142\" alt=\"Prof. Dr. Ahmet Karacalar - Spezialist f\u00fcr \u00c4sthetische, Plastische und Rekonstruktive Chirurgie, Istanbul\" title=\"\" srcset=\"https:\/\/ahmetkaracalar.com\/wp-content\/uploads\/2025\/12\/prof-dr-ahmet-karacalar.jpg 581w, https:\/\/ahmetkaracalar.com\/wp-content\/uploads\/2025\/12\/prof-dr-ahmet-karacalar-300x300.jpg 300w, https:\/\/ahmetkaracalar.com\/wp-content\/uploads\/2025\/12\/prof-dr-ahmet-karacalar-150x150.jpg 150w\" sizes=\"(max-width: 581px) 100vw, 581px\" \/>\t\t\t\t\t\t<\/div>\n\t\t\t\t\t\n\t\t\t\t\t\t\t\t\t<\/div>\n\t\t\t<\/div>\n\t\t\t\t\t<\/div>\n\t\t\t\t\t\t<\/div>\n\t\t\t\t\t<\/div>\n\t\t\t\t<\/div>\n\t\t\t\t<\/div>","protected":false},"excerpt":{"rendered":"<p>Prof. Dr. Ahmet Karacalar Medizinische Fakult\u00e4t und Ausbildung in Plastischer und \u00c4sthetischer Chirurgie: Ege Universit\u00e4t Uluda\u011f Universit\u00e4t Erasmus Universit\u00e4t (mit Stipendium) \u2013 Holland NL St.John\u2019s Hospital \u2013 UK Einige spezielle Ausbildungen und Kurse: (Zusammenfassung) Endoskopische Stirn- und Gesichtsstraffung, Silhouette Lift \u2013 Los Angeles, New York Gesichtsger\u00fcst-\u00c4sthetik \u2013 Kopenhagen Brust\u00e4sthetik und Gesichtsverj\u00fcngung \u2013 San Diego Gesichtsverj\u00fcngung\u2026<\/p>","protected":false},"author":1,"featured_media":5142,"parent":0,"menu_order":0,"comment_status":"open","ping_status":"open","template":"","meta":{"footnotes":""},"class_list":["post-19","page","type-page","status-publish","has-post-thumbnail","hentry"],"_hostinger_reach_plugin_has_subscription_block":false,"_hostinger_reach_plugin_is_elementor":false,"_links":{"self":[{"href":"https:\/\/ahmetkaracalar.com\/de\/wp-json\/wp\/v2\/pages\/19","targetHints":{"allow":["GET"]}}],"collection":[{"href":"https:\/\/ahmetkaracalar.com\/de\/wp-json\/wp\/v2\/pages"}],"about":[{"href":"https:\/\/ahmetkaracalar.com\/de\/wp-json\/wp\/v2\/types\/page"}],"author":[{"embeddable":true,"href":"https:\/\/ahmetkaracalar.com\/de\/wp-json\/wp\/v2\/users\/1"}],"replies":[{"embeddable":true,"href":"https:\/\/ahmetkaracalar.com\/de\/wp-json\/wp\/v2\/comments?post=19"}],"version-history":[{"count":17,"href":"https:\/\/ahmetkaracalar.com\/de\/wp-json\/wp\/v2\/pages\/19\/revisions"}],"predecessor-version":[{"id":7445,"href":"https:\/\/ahmetkaracalar.com\/de\/wp-json\/wp\/v2\/pages\/19\/revisions\/7445"}],"wp:featuredmedia":[{"embeddable":true,"href":"https:\/\/ahmetkaracalar.com\/de\/wp-json\/wp\/v2\/media\/5142"}],"wp:attachment":[{"href":"https:\/\/ahmetkaracalar.com\/de\/wp-json\/wp\/v2\/media?parent=19"}],"curies":[{"name":"wp","href":"https:\/\/api.w.org\/{rel}","templated":true}]}}